{"id":3869,"date":"2026-04-16T17:40:14","date_gmt":"2026-04-16T17:40:14","guid":{"rendered":"https:\/\/luxerentals.ca\/fr\/?post_type=product&#038;p=3869"},"modified":"2026-04-16T17:40:35","modified_gmt":"2026-04-16T17:40:35","slug":"canape-mood-blanc-module-central","status":"publish","type":"product","link":"https:\/\/luxerentals.ca\/fr\/product\/canape-mood-blanc-module-central\/","title":{"rendered":"Canap\u00e9 Mood blanc \u2013 module central"},"content":{"rendered":"","protected":false},"excerpt":{"rendered":"<p data-start=\"0\" data-end=\"239\">Cr\u00e9ez un am\u00e9nagement lounge \u00e9pur\u00e9 et moderne avec le module central Mood en blanc. Con\u00e7u comme un \u00e9l\u00e9ment cl\u00e9 de la collection modulaire Mood, ce module vous permet d\u2019agrandir et de personnaliser votre configuration d\u2019assise avec facilit\u00e9.<\/p>\n<p data-start=\"241\" data-end=\"287\" data-is-last-node=\"\" data-is-only-node=\"\">Dimensions : L : 28 po | P : 35 po | H : 28 po<\/p>\n","protected":false},"featured_media":3870,"template":"","meta":[],"product_brand":[],"product_cat":[6],"product_tag":[],"class_list":{"0":"post-3869","1":"product","2":"type-product","3":"status-publish","4":"has-post-thumbnail","6":"product_cat-sofas-modulaires-ottomanes","8":"first","9":"instock","10":"shipping-taxable","11":"product-type-simple"},"yoast_head":"<!-- This site is optimized with the Yoast SEO plugin v27.4 - https:\/\/yoast.com\/product\/yoast-seo-wordpress\/ -->\n<title>Canap\u00e9 Mood blanc \u2013 module central | Luxe Rentals<\/title>\n<meta name=\"robots\" content=\"index, follow, max-snippet:-1, max-image-preview:large, max-video-preview:-1\" \/>\n<link rel=\"canonical\" href=\"https:\/\/luxerentals.ca\/fr\/product\/canape-mood-blanc-module-central\/\" \/>\n<meta property=\"og:locale\" content=\"en_US\" \/>\n<meta property=\"og:type\" content=\"article\" \/>\n<meta property=\"og:title\" content=\"Canap\u00e9 Mood blanc \u2013 module central | Luxe Rentals\" \/>\n<meta property=\"og:description\" content=\"Cr\u00e9ez un am\u00e9nagement lounge \u00e9pur\u00e9 et moderne avec le module central Mood en blanc. Con\u00e7u comme un \u00e9l\u00e9ment cl\u00e9 de la collection modulaire Mood, ce module vous permet d\u2019agrandir et de personnaliser votre configuration d\u2019assise avec facilit\u00e9. Dimensions : L : 28 po | P : 35 po | H : 28 po\" \/>\n<meta property=\"og:url\" content=\"https:\/\/luxerentals.ca\/fr\/product\/canape-mood-blanc-module-central\/\" \/>\n<meta property=\"og:site_name\" content=\"Luxe Rentals\" \/>\n<meta property=\"article:publisher\" content=\"https:\/\/www.facebook.com\/luxerentals\/\" \/>\n<meta property=\"article:modified_time\" content=\"2026-04-16T17:40:35+00:00\" \/>\n<meta property=\"og:image\" content=\"https:\/\/luxerentals.ca\/fr\/wp-content\/uploads\/2026\/04\/10549100.png\" \/>\n\t<meta property=\"og:image:width\" content=\"1536\" \/>\n\t<meta property=\"og:image:height\" content=\"1024\" \/>\n\t<meta property=\"og:image:type\" content=\"image\/png\" \/>\n<meta name=\"twitter:card\" content=\"summary_large_image\" \/>\n<meta name=\"twitter:site\" content=\"@luxetoronto\" \/>\n<script type=\"application\/ld+json\" class=\"yoast-schema-graph\">{\"@context\":\"https:\\\/\\\/schema.org\",\"@graph\":[{\"@type\":\"WebPage\",\"@id\":\"https:\\\/\\\/luxerentals.ca\\\/fr\\\/product\\\/canape-mood-blanc-module-central\\\/\",\"url\":\"https:\\\/\\\/luxerentals.ca\\\/fr\\\/product\\\/canape-mood-blanc-module-central\\\/\",\"name\":\"Canap\u00e9 Mood blanc \u2013 module central | Luxe Rentals\",\"isPartOf\":{\"@id\":\"https:\\\/\\\/luxerentals.ca\\\/fr\\\/#website\"},\"primaryImageOfPage\":{\"@id\":\"https:\\\/\\\/luxerentals.ca\\\/fr\\\/product\\\/canape-mood-blanc-module-central\\\/#primaryimage\"},\"image\":{\"@id\":\"https:\\\/\\\/luxerentals.ca\\\/fr\\\/product\\\/canape-mood-blanc-module-central\\\/#primaryimage\"},\"thumbnailUrl\":\"https:\\\/\\\/luxerentals.ca\\\/fr\\\/wp-content\\\/uploads\\\/2026\\\/04\\\/10549100.png\",\"datePublished\":\"2026-04-16T17:40:14+00:00\",\"dateModified\":\"2026-04-16T17:40:35+00:00\",\"breadcrumb\":{\"@id\":\"https:\\\/\\\/luxerentals.ca\\\/fr\\\/product\\\/canape-mood-blanc-module-central\\\/#breadcrumb\"},\"inLanguage\":\"en-US\",\"potentialAction\":[{\"@type\":\"ReadAction\",\"target\":[\"https:\\\/\\\/luxerentals.ca\\\/fr\\\/product\\\/canape-mood-blanc-module-central\\\/\"]}]},{\"@type\":\"ImageObject\",\"inLanguage\":\"en-US\",\"@id\":\"https:\\\/\\\/luxerentals.ca\\\/fr\\\/product\\\/canape-mood-blanc-module-central\\\/#primaryimage\",\"url\":\"https:\\\/\\\/luxerentals.ca\\\/fr\\\/wp-content\\\/uploads\\\/2026\\\/04\\\/10549100.png\",\"contentUrl\":\"https:\\\/\\\/luxerentals.ca\\\/fr\\\/wp-content\\\/uploads\\\/2026\\\/04\\\/10549100.png\",\"width\":1536,\"height\":1024},{\"@type\":\"BreadcrumbList\",\"@id\":\"https:\\\/\\\/luxerentals.ca\\\/fr\\\/product\\\/canape-mood-blanc-module-central\\\/#breadcrumb\",\"itemListElement\":[{\"@type\":\"ListItem\",\"position\":1,\"name\":\"Home\",\"item\":\"https:\\\/\\\/luxerentals.ca\\\/fr\\\/\"},{\"@type\":\"ListItem\",\"position\":2,\"name\":\"Mobilier\",\"item\":\"https:\\\/\\\/luxerentals.ca\\\/fr\\\/?page_id=87\"},{\"@type\":\"ListItem\",\"position\":3,\"name\":\"Canap\u00e9 Mood blanc \u2013 module central\"}]},{\"@type\":\"WebSite\",\"@id\":\"https:\\\/\\\/luxerentals.ca\\\/fr\\\/#website\",\"url\":\"https:\\\/\\\/luxerentals.ca\\\/fr\\\/\",\"name\":\"Luxe Rentals\",\"description\":\"LOCATION DE MOBILIERS ET D\u00c9CORATIONS POUR \u00c9V\u00c9NEMENTS \u00c0 MONTR\u00c9AL\",\"potentialAction\":[{\"@type\":\"SearchAction\",\"target\":{\"@type\":\"EntryPoint\",\"urlTemplate\":\"https:\\\/\\\/luxerentals.ca\\\/fr\\\/?s={search_term_string}\"},\"query-input\":{\"@type\":\"PropertyValueSpecification\",\"valueRequired\":true,\"valueName\":\"search_term_string\"}}],\"inLanguage\":\"en-US\"}]}<\/script>\n<!-- \/ Yoast SEO plugin. -->","yoast_head_json":{"title":"Canap\u00e9 Mood blanc \u2013 module central | Luxe Rentals","robots":{"index":"index","follow":"follow","max-snippet":"max-snippet:-1","max-image-preview":"max-image-preview:large","max-video-preview":"max-video-preview:-1"},"canonical":"https:\/\/luxerentals.ca\/fr\/product\/canape-mood-blanc-module-central\/","og_locale":"en_US","og_type":"article","og_title":"Canap\u00e9 Mood blanc \u2013 module central | Luxe Rentals","og_description":"Cr\u00e9ez un am\u00e9nagement lounge \u00e9pur\u00e9 et moderne avec le module central Mood en blanc. Con\u00e7u comme un \u00e9l\u00e9ment cl\u00e9 de la collection modulaire Mood, ce module vous permet d\u2019agrandir et de personnaliser votre configuration d\u2019assise avec facilit\u00e9. Dimensions : L : 28 po | P : 35 po | H : 28 po","og_url":"https:\/\/luxerentals.ca\/fr\/product\/canape-mood-blanc-module-central\/","og_site_name":"Luxe Rentals","article_publisher":"https:\/\/www.facebook.com\/luxerentals\/","article_modified_time":"2026-04-16T17:40:35+00:00","og_image":[{"width":1536,"height":1024,"url":"https:\/\/luxerentals.ca\/fr\/wp-content\/uploads\/2026\/04\/10549100.png","type":"image\/png"}],"twitter_card":"summary_large_image","twitter_site":"@luxetoronto","schema":{"@context":"https:\/\/schema.org","@graph":[{"@type":"WebPage","@id":"https:\/\/luxerentals.ca\/fr\/product\/canape-mood-blanc-module-central\/","url":"https:\/\/luxerentals.ca\/fr\/product\/canape-mood-blanc-module-central\/","name":"Canap\u00e9 Mood blanc \u2013 module central | Luxe Rentals","isPartOf":{"@id":"https:\/\/luxerentals.ca\/fr\/#website"},"primaryImageOfPage":{"@id":"https:\/\/luxerentals.ca\/fr\/product\/canape-mood-blanc-module-central\/#primaryimage"},"image":{"@id":"https:\/\/luxerentals.ca\/fr\/product\/canape-mood-blanc-module-central\/#primaryimage"},"thumbnailUrl":"https:\/\/luxerentals.ca\/fr\/wp-content\/uploads\/2026\/04\/10549100.png","datePublished":"2026-04-16T17:40:14+00:00","dateModified":"2026-04-16T17:40:35+00:00","breadcrumb":{"@id":"https:\/\/luxerentals.ca\/fr\/product\/canape-mood-blanc-module-central\/#breadcrumb"},"inLanguage":"en-US","potentialAction":[{"@type":"ReadAction","target":["https:\/\/luxerentals.ca\/fr\/product\/canape-mood-blanc-module-central\/"]}]},{"@type":"ImageObject","inLanguage":"en-US","@id":"https:\/\/luxerentals.ca\/fr\/product\/canape-mood-blanc-module-central\/#primaryimage","url":"https:\/\/luxerentals.ca\/fr\/wp-content\/uploads\/2026\/04\/10549100.png","contentUrl":"https:\/\/luxerentals.ca\/fr\/wp-content\/uploads\/2026\/04\/10549100.png","width":1536,"height":1024},{"@type":"BreadcrumbList","@id":"https:\/\/luxerentals.ca\/fr\/product\/canape-mood-blanc-module-central\/#breadcrumb","itemListElement":[{"@type":"ListItem","position":1,"name":"Home","item":"https:\/\/luxerentals.ca\/fr\/"},{"@type":"ListItem","position":2,"name":"Mobilier","item":"https:\/\/luxerentals.ca\/fr\/?page_id=87"},{"@type":"ListItem","position":3,"name":"Canap\u00e9 Mood blanc \u2013 module central"}]},{"@type":"WebSite","@id":"https:\/\/luxerentals.ca\/fr\/#website","url":"https:\/\/luxerentals.ca\/fr\/","name":"Luxe Rentals","description":"LOCATION DE MOBILIERS ET D\u00c9CORATIONS POUR \u00c9V\u00c9NEMENTS \u00c0 MONTR\u00c9AL","potentialAction":[{"@type":"SearchAction","target":{"@type":"EntryPoint","urlTemplate":"https:\/\/luxerentals.ca\/fr\/?s={search_term_string}"},"query-input":{"@type":"PropertyValueSpecification","valueRequired":true,"valueName":"search_term_string"}}],"inLanguage":"en-US"}]}},"_links":{"self":[{"href":"https:\/\/luxerentals.ca\/fr\/wp-json\/wp\/v2\/product\/3869","targetHints":{"allow":["GET"]}}],"collection":[{"href":"https:\/\/luxerentals.ca\/fr\/wp-json\/wp\/v2\/product"}],"about":[{"href":"https:\/\/luxerentals.ca\/fr\/wp-json\/wp\/v2\/types\/product"}],"wp:featuredmedia":[{"embeddable":true,"href":"https:\/\/luxerentals.ca\/fr\/wp-json\/wp\/v2\/media\/3870"}],"wp:attachment":[{"href":"https:\/\/luxerentals.ca\/fr\/wp-json\/wp\/v2\/media?parent=3869"}],"wp:term":[{"taxonomy":"product_brand","embeddable":true,"href":"https:\/\/luxerentals.ca\/fr\/wp-json\/wp\/v2\/product_brand?post=3869"},{"taxonomy":"product_cat","embeddable":true,"href":"https:\/\/luxerentals.ca\/fr\/wp-json\/wp\/v2\/product_cat?post=3869"},{"taxonomy":"product_tag","embeddable":true,"href":"https:\/\/luxerentals.ca\/fr\/wp-json\/wp\/v2\/product_tag?post=3869"}],"curies":[{"name":"wp","href":"https:\/\/api.w.org\/{rel}","templated":true}]}}